{"id":85,"date":"2025-10-30T07:48:10","date_gmt":"2025-10-30T07:48:10","guid":{"rendered":"https:\/\/wt-art.79-137-88-67.plesk.page\/?page_id=85"},"modified":"2025-11-24T14:08:26","modified_gmt":"2025-11-24T14:08:26","slug":"marquage-textile-professionnel-grenoble","status":"publish","type":"page","link":"https:\/\/wt-art.79-137-88-67.plesk.page\/index.php\/marquage-textile-professionnel-grenoble\/","title":{"rendered":"Marquage textile professionnel grenoble"},"content":{"rendered":"\t\t<div data-elementor-type=\"wp-page\" data-elementor-id=\"85\" class=\"elementor elementor-85\" data-elementor-post-type=\"page\">\n\t\t\t\t<div class=\"elementor-element elementor-element-f452de9 e-con-full e-flex e-con e-parent\" data-id=\"f452de9\" data-element_type=\"container\">\n\t\t<div class=\"elementor-element elementor-element-66c5821 e-flex e-con-boxed e-con e-child\" data-id=\"66c5821\" data-element_type=\"container\" data-settings=\"{&quot;background_background&quot;:&quot;classic&quot;}\">\n\t\t\t\t\t<div class=\"e-con-inner\">\n\t\t\t\t<div class=\"elementor-element elementor-element-9a9e4c1 elementor-invisible elementor-widget elementor-widget-heading\" data-id=\"9a9e4c1\" data-element_type=\"widget\" data-settings=\"{&quot;_animation&quot;:&quot;fadeInUp&quot;}\" data-widget_type=\"heading.default\">\n\t\t\t\t\t<p class=\"elementor-heading-title elementor-size-default\">WT-ART DESIGN - FLOCAGE, BRODERIE, Textile<\/p>\t\t\t\t<\/div>\n\t\t\t\t<div class=\"elementor-element elementor-element-c309ee7 elementor-widget__width-initial elementor-invisible elementor-widget elementor-widget-heading\" data-id=\"c309ee7\" data-element_type=\"widget\" data-settings=\"{&quot;_animation&quot;:&quot;fadeInUp&quot;,&quot;_animation_delay&quot;:200}\" data-widget_type=\"heading.default\">\n\t\t\t\t\t<h1 class=\"elementor-heading-title elementor-size-default\">Marquage textile professionnel en broderie et flocage \u00e0 Grenoble et en France<\/h1>\t\t\t\t<\/div>\n\t\t\t\t<div class=\"elementor-element elementor-element-996d518 elementor-widget__width-initial elementor-invisible elementor-widget elementor-widget-heading\" data-id=\"996d518\" data-element_type=\"widget\" data-settings=\"{&quot;_animation&quot;:&quot;fadeInUp&quot;,&quot;_animation_delay&quot;:400}\" data-widget_type=\"heading.default\">\n\t\t\t\t\t<h2 class=\"elementor-heading-title elementor-size-default\">Nous imprimons votre marque sur vos textiles. Ne passez plus inaper\u00e7us et faites vous remarquer gr\u00e2ce \u00e0 nos services de flocage !<\/h2>\t\t\t\t<\/div>\n\t\t\t\t\t<\/div>\n\t\t\t\t<\/div>\n\t\t\t\t<\/div>\n\t\t<div class=\"elementor-element elementor-element-e9f9fe6 e-flex e-con-boxed e-con e-parent\" data-id=\"e9f9fe6\" data-element_type=\"container\">\n\t\t\t\t\t<div class=\"e-con-inner\">\n\t\t<div class=\"elementor-element elementor-element-69f0b01 e-con-full wa-stack e-flex e-con e-child\" data-id=\"69f0b01\" data-element_type=\"container\">\n\t\t<div class=\"elementor-element elementor-element-556b99a e-con-full e-flex e-con e-child\" data-id=\"556b99a\" data-element_type=\"container\" data-settings=\"{&quot;sticky&quot;:&quot;top&quot;,&quot;sticky_offset&quot;:125,&quot;sticky_parent&quot;:&quot;yes&quot;,&quot;sticky_on&quot;:[&quot;desktop&quot;,&quot;tablet&quot;,&quot;mobile&quot;],&quot;sticky_effects_offset&quot;:0,&quot;sticky_anchor_link_offset&quot;:0}\">\n\t\t\t\t<div class=\"elementor-element elementor-element-5efd8ac elementor-position-left elementor-mobile-position-left elementor-view-default elementor-widget elementor-widget-icon-box\" data-id=\"5efd8ac\" data-element_type=\"widget\" data-widget_type=\"icon-box.default\">\n\t\t\t\t\t\t\t<div class=\"elementor-icon-box-wrapper\">\n\n\t\t\t\t\t\t<div class=\"elementor-icon-box-icon\">\n\t\t\t\t<span  class=\"elementor-icon\">\n\t\t\t\t<svg aria-hidden=\"true\" class=\"e-font-icon-svg e-fas-circle\" viewBox=\"0 0 512 512\" xmlns=\"http:\/\/www.w3.org\/2000\/svg\"><path d=\"M256 8C119 8 8 119 8 256s111 248 248 248 248-111 248-248S393 8 256 8z\"><\/path><\/svg>\t\t\t\t<\/span>\n\t\t\t<\/div>\n\t\t\t\n\t\t\t\t\t\t<div class=\"elementor-icon-box-content\">\n\n\t\t\t\t\t\t\t\t\t<p class=\"elementor-icon-box-title\">\n\t\t\t\t\t\t<span  >\n\t\t\t\t\t\t\tVOS TEXTILES FLOQUES \t\t\t\t\t\t<\/span>\n\t\t\t\t\t<\/p>\n\t\t\t\t\n\t\t\t\t\n\t\t\t<\/div>\n\t\t\t\n\t\t<\/div>\n\t\t\t\t\t\t<\/div>\n\t\t\t\t<\/div>\n\t\t<div class=\"elementor-element elementor-element-daf161a e-con-full wa-panel e-flex e-con e-child\" data-id=\"daf161a\" data-element_type=\"container\" data-settings=\"{&quot;background_background&quot;:&quot;classic&quot;,&quot;sticky_offset&quot;:184,&quot;sticky&quot;:&quot;top&quot;,&quot;sticky_parent&quot;:&quot;yes&quot;,&quot;sticky_on&quot;:[&quot;desktop&quot;,&quot;tablet&quot;,&quot;mobile&quot;],&quot;sticky_effects_offset&quot;:0,&quot;sticky_anchor_link_offset&quot;:0}\">\n\t\t<div class=\"elementor-element elementor-element-f5ce9ae e-con-full e-flex e-con e-child\" data-id=\"f5ce9ae\" data-element_type=\"container\" data-settings=\"{&quot;background_background&quot;:&quot;classic&quot;}\">\n\t\t\t\t<\/div>\n\t\t<div class=\"elementor-element elementor-element-db8503e e-con-full e-flex e-con e-child\" data-id=\"db8503e\" data-element_type=\"container\">\n\t\t\t\t<div class=\"elementor-element elementor-element-792374a elementor-widget elementor-widget-heading\" data-id=\"792374a\" data-element_type=\"widget\" data-widget_type=\"heading.default\">\n\t\t\t\t\t<h2 class=\"elementor-heading-title elementor-size-default\">Personnalisez vos textiles \u00e0 votre image gr\u00e2ce au marquage textile professionnel<\/h2>\t\t\t\t<\/div>\n\t\t\t\t<div class=\"elementor-element elementor-element-6c14df9 elementor-widget elementor-widget-text-editor\" data-id=\"6c14df9\" data-element_type=\"widget\" data-widget_type=\"text-editor.default\">\n\t\t\t\t\t\t\t\t\t<p>Le marquage textile professionnel vous permet de transformer chaque v\u00eatement en support de communication. En broderie comme en flocage, vous valorisez votre identit\u00e9 visuelle, professionnalisez vos \u00e9quipes et gagnez en visibilit\u00e9 sur le terrain, en point de vente ou lors d\u2019\u00e9v\u00e9nements. Chaque v\u00eatement marqu\u00e9 renforce votre coh\u00e9rence de marque et rassure vos clients par son s\u00e9rieux. C\u2019est un outil puissant pour affirmer qui vous \u00eates.<\/p>\t\t\t\t\t\t\t\t<\/div>\n\t\t\t\t<\/div>\n\t\t\t\t<\/div>\n\t\t<div class=\"elementor-element elementor-element-c92215b e-con-full wa-panel e-flex e-con e-child\" data-id=\"c92215b\" data-element_type=\"container\" data-settings=\"{&quot;background_background&quot;:&quot;classic&quot;,&quot;sticky_offset&quot;:184,&quot;sticky&quot;:&quot;top&quot;,&quot;sticky_parent&quot;:&quot;yes&quot;,&quot;sticky_on&quot;:[&quot;desktop&quot;,&quot;tablet&quot;,&quot;mobile&quot;],&quot;sticky_effects_offset&quot;:0,&quot;sticky_anchor_link_offset&quot;:0}\">\n\t\t<div class=\"elementor-element elementor-element-ffb274b e-con-full e-flex e-con e-child\" data-id=\"ffb274b\" data-element_type=\"container\" data-settings=\"{&quot;background_background&quot;:&quot;classic&quot;}\">\n\t\t\t\t<\/div>\n\t\t<div class=\"elementor-element elementor-element-07dff26 e-con-full e-flex e-con e-child\" data-id=\"07dff26\" data-element_type=\"container\">\n\t\t\t\t<div class=\"elementor-element elementor-element-ad1558a elementor-widget elementor-widget-heading\" data-id=\"ad1558a\" data-element_type=\"widget\" data-widget_type=\"heading.default\">\n\t\t\t\t\t<h2 class=\"elementor-heading-title elementor-size-default\">Broderie ou Flocage ? Choisir la technique de marquage textile professionnel<\/h2>\t\t\t\t<\/div>\n\t\t\t\t<div class=\"elementor-element elementor-element-00d71f5 elementor-widget elementor-widget-text-editor\" data-id=\"00d71f5\" data-element_type=\"widget\" data-widget_type=\"text-editor.default\">\n\t\t\t\t\t\t\t\t\t<p>Le choix d\u00e9pend de votre usage. La broderie offre un rendu haut de gamme, en relief, avec une tenue exceptionnelle dans le temps. Elle est id\u00e9ale pour des v\u00eatements de travail, vestes, casquettes ou sacs professionnels. Le flocage, plus l\u00e9ger, permet une impression pr\u00e9cise sur des textiles fins comme les t-shirts, sweats ou tote bags. Il convient parfaitement aux besoins ponctuels, \u00e9v\u00e9nements ou op\u00e9rations promotionnelles. Dans tous les cas, nous vous conseillons la solution la plus adapt\u00e9e \u00e0 votre activit\u00e9 et \u00e0 votre fr\u00e9quence d\u2019utilisation.<\/p>\t\t\t\t\t\t\t\t<\/div>\n\t\t\t\t<\/div>\n\t\t\t\t<\/div>\n\t\t\t\t<\/div>\n\t\t\t\t\t<\/div>\n\t\t\t\t<\/div>\n\t\t<div class=\"elementor-element elementor-element-9c1650c e-flex e-con-boxed e-con e-parent\" data-id=\"9c1650c\" data-element_type=\"container\">\n\t\t\t\t\t<div class=\"e-con-inner\">\n\t\t<div class=\"elementor-element elementor-element-d80905e e-con-full e-flex e-con e-child\" data-id=\"d80905e\" data-element_type=\"container\">\n\t\t\t\t<div class=\"elementor-element elementor-element-0d7e4e9 elementor-position-left elementor-mobile-position-left elementor-view-default elementor-widget elementor-widget-icon-box\" data-id=\"0d7e4e9\" data-element_type=\"widget\" data-widget_type=\"icon-box.default\">\n\t\t\t\t\t\t\t<div class=\"elementor-icon-box-wrapper\">\n\n\t\t\t\t\t\t<div class=\"elementor-icon-box-icon\">\n\t\t\t\t<span  class=\"elementor-icon\">\n\t\t\t\t<svg aria-hidden=\"true\" class=\"e-font-icon-svg e-fas-circle\" viewBox=\"0 0 512 512\" xmlns=\"http:\/\/www.w3.org\/2000\/svg\"><path d=\"M256 8C119 8 8 119 8 256s111 248 248 248 248-111 248-248S393 8 256 8z\"><\/path><\/svg>\t\t\t\t<\/span>\n\t\t\t<\/div>\n\t\t\t\n\t\t\t\t\t\t<div class=\"elementor-icon-box-content\">\n\n\t\t\t\t\t\t\t\t\t<p class=\"elementor-icon-box-title\">\n\t\t\t\t\t\t<span  >\n\t\t\t\t\t\t\tWT-ART DESIGN : Nos r\u00e9alisations en marquage textile\t\t\t\t\t\t<\/span>\n\t\t\t\t\t<\/p>\n\t\t\t\t\n\t\t\t\t\n\t\t\t<\/div>\n\t\t\t\n\t\t<\/div>\n\t\t\t\t\t\t<\/div>\n\t\t\t\t<\/div>\n\t\t<div class=\"elementor-element elementor-element-1eab1d9 e-con-full e-flex e-con e-child\" data-id=\"1eab1d9\" data-element_type=\"container\">\n\t\t<div class=\"elementor-element elementor-element-59f6069 e-con-full e-flex e-con e-child\" data-id=\"59f6069\" data-element_type=\"container\">\n\t\t<div class=\"elementor-element elementor-element-0458768 e-con-full e-flex elementor-invisible e-con e-child\" data-id=\"0458768\" data-element_type=\"container\" data-settings=\"{&quot;animation&quot;:&quot;fadeInLeft&quot;}\">\n\t\t\t\t<div class=\"elementor-element elementor-element-f9c8734 elementor-widget__width-initial elementor-widget elementor-widget-heading\" data-id=\"f9c8734\" data-element_type=\"widget\" data-widget_type=\"heading.default\">\n\t\t\t\t\t<h2 class=\"elementor-heading-title elementor-size-default\">Des r\u00e9alisations concr\u00e8tes\nen marquage textile\nprofessionnel<\/h2>\t\t\t\t<\/div>\n\t\t\t\t<div class=\"elementor-element elementor-element-9ca698c elementor-widget__width-initial elementor-widget-mobile__width-initial elementor-widget elementor-widget-text-editor\" data-id=\"9ca698c\" data-element_type=\"widget\" data-widget_type=\"text-editor.default\">\n\t\t\t\t\t\t\t\t\t<p>Ces v\u00eatements sont port\u00e9s au quotidien, visibles sur le terrain ou face aux clients. Chaque marquage textile professionnel renforce l\u2019image de marque de nos clients et leur permet de se d\u00e9marquer, avec style et coh\u00e9rence, dans leur secteur<\/p>\t\t\t\t\t\t\t\t<\/div>\n\t\t\t\t<\/div>\n\t\t<div class=\"elementor-element elementor-element-038242c e-con-full e-flex elementor-invisible e-con e-child\" data-id=\"038242c\" data-element_type=\"container\" data-settings=\"{&quot;animation&quot;:&quot;fadeInRight&quot;,&quot;animation_delay&quot;:200}\">\n\t\t\t\t<div class=\"elementor-element elementor-element-c84f02a elementor-widget__width-initial elementor-widget elementor-widget-heading\" data-id=\"c84f02a\" data-element_type=\"widget\" data-widget_type=\"heading.default\">\n\t\t\t\t\t<h2 class=\"elementor-heading-title elementor-size-default\">Fabricant de marquage textile : Production interne et qualit\u00e9\nsur mesure<\/h2>\t\t\t\t<\/div>\n\t\t\t\t<div class=\"elementor-element elementor-element-b97da4e elementor-widget__width-initial elementor-widget-mobile__width-initial elementor-widget elementor-widget-text-editor\" data-id=\"b97da4e\" data-element_type=\"widget\" data-widget_type=\"text-editor.default\">\n\t\t\t\t\t\t\t\t\t<p>Nous concevons tous vos projets de marquage textile professionnel en interne. Cela nous permet de garantir un rendu soign\u00e9, des d\u00e9lais courts et un accompagnement pr\u00e9cis. Vous pouvez nous confier vos propres textiles ou choisir parmi nos gammes professionnelles. Nous brodons jusqu\u2019\u00e0 15 couleurs par visuel et nous adaptons le format \u00e0 chaque v\u00eatement. Chaque commande est suivie, test\u00e9e, puis valid\u00e9e avant livraison, pour un r\u00e9sultat irr\u00e9prochable.<\/p>\t\t\t\t\t\t\t\t<\/div>\n\t\t\t\t<\/div>\n\t\t\t\t<\/div>\n\t\t\t\t<div class=\"elementor-element elementor-element-e563032 wa-btn-swiper-ow elementor-pagination-type-bullets elementor-arrows-position-inside elementor-pagination-position-outside elementor-invisible elementor-widget elementor-widget-n-carousel\" data-id=\"e563032\" data-element_type=\"widget\" data-settings=\"{&quot;carousel_items&quot;:[{&quot;slide_title&quot;:&quot;Diapositive N\\u00b01&quot;,&quot;_id&quot;:&quot;a156d38&quot;},{&quot;slide_title&quot;:&quot;Diapositive N\\u00b01&quot;,&quot;_id&quot;:&quot;50101f1&quot;},{&quot;slide_title&quot;:&quot;Diapositive N\\u00b01&quot;,&quot;_id&quot;:&quot;5f0db7b&quot;},{&quot;slide_title&quot;:&quot;Diapositive N\\u00b01&quot;,&quot;_id&quot;:&quot;c8b4da3&quot;},{&quot;slide_title&quot;:&quot;Diapositive N\\u00b01&quot;,&quot;_id&quot;:&quot;56f25e9&quot;},{&quot;slide_title&quot;:&quot;Diapositive N\\u00b01&quot;,&quot;_id&quot;:&quot;7e92468&quot;}],&quot;slides_to_show&quot;:&quot;5&quot;,&quot;slides_to_show_tablet&quot;:&quot;3&quot;,&quot;image_spacing_custom&quot;:{&quot;unit&quot;:&quot;px&quot;,&quot;size&quot;:32,&quot;sizes&quot;:[]},&quot;_animation&quot;:&quot;fadeInUp&quot;,&quot;_animation_delay&quot;:400,&quot;slides_to_show_mobile&quot;:&quot;1&quot;,&quot;autoplay&quot;:&quot;yes&quot;,&quot;autoplay_speed&quot;:5000,&quot;pause_on_hover&quot;:&quot;yes&quot;,&quot;pause_on_interaction&quot;:&quot;yes&quot;,&quot;infinite&quot;:&quot;yes&quot;,&quot;speed&quot;:500,&quot;offset_sides&quot;:&quot;none&quot;,&quot;arrows&quot;:&quot;yes&quot;,&quot;pagination&quot;:&quot;bullets&quot;,&quot;image_spacing_custom_tablet&quot;:{&quot;unit&quot;:&quot;px&quot;,&quot;size&quot;:&quot;&quot;,&quot;sizes&quot;:[]},&quot;image_spacing_custom_mobile&quot;:{&quot;unit&quot;:&quot;px&quot;,&quot;size&quot;:&quot;&quot;,&quot;sizes&quot;:[]}}\" data-widget_type=\"nested-carousel.default\">\n\t\t\t\t\t\t\t<div class=\"e-n-carousel swiper\" role=\"region\" aria-roledescription=\"carousel\" aria-label=\"Carousel\" dir=\"ltr\">\n\t\t\t<div class=\"swiper-wrapper\" aria-live=\"off\">\n\t\t\t\t\t\t\t\t\t\t<div class=\"swiper-slide\" data-slide=\"1\" role=\"group\" aria-roledescription=\"slide\" aria-label=\"1 sur 6\">\n\t\t\t\t\t\t\t<div class=\"elementor-element elementor-element-abce8be e-flex e-con-boxed e-con e-child\" data-id=\"abce8be\" data-element_type=\"container\">\n\t\t\t\t\t<div class=\"e-con-inner\">\n\t\t<div class=\"elementor-element elementor-element-a9118fc e-con-full bg-zoom e-flex e-con e-child\" data-id=\"a9118fc\" data-element_type=\"container\" data-settings=\"{&quot;background_background&quot;:&quot;classic&quot;}\">\n\t\t\t\t<\/div>\n\t\t\t\t\t<\/div>\n\t\t\t\t<\/div>\n\t\t\t\t\t\t\t\t<\/div>\n\t\t\t\t\t\t\t\t\t\t\t<div class=\"swiper-slide\" data-slide=\"2\" role=\"group\" aria-roledescription=\"slide\" aria-label=\"2 sur 6\">\n\t\t\t\t\t\t\t<div class=\"elementor-element elementor-element-df65cfb e-flex e-con-boxed e-con e-child\" data-id=\"df65cfb\" data-element_type=\"container\">\n\t\t\t\t\t<div class=\"e-con-inner\">\n\t\t<div class=\"elementor-element elementor-element-590ef65 e-con-full bg-zoom e-flex e-con e-child\" data-id=\"590ef65\" data-element_type=\"container\" data-settings=\"{&quot;background_background&quot;:&quot;classic&quot;}\">\n\t\t\t\t<\/div>\n\t\t\t\t\t<\/div>\n\t\t\t\t<\/div>\n\t\t\t\t\t\t\t\t<\/div>\n\t\t\t\t\t\t\t\t\t\t\t<div class=\"swiper-slide\" data-slide=\"3\" role=\"group\" aria-roledescription=\"slide\" aria-label=\"3 sur 6\">\n\t\t\t\t\t\t\t<div class=\"elementor-element elementor-element-b3ca926 e-flex e-con-boxed e-con e-child\" data-id=\"b3ca926\" data-element_type=\"container\">\n\t\t\t\t\t<div class=\"e-con-inner\">\n\t\t<div class=\"elementor-element elementor-element-dd5cf86 e-con-full bg-zoom e-flex e-con e-child\" data-id=\"dd5cf86\" data-element_type=\"container\" data-settings=\"{&quot;background_background&quot;:&quot;classic&quot;}\">\n\t\t\t\t<\/div>\n\t\t\t\t\t<\/div>\n\t\t\t\t<\/div>\n\t\t\t\t\t\t\t\t<\/div>\n\t\t\t\t\t\t\t\t\t\t\t<div class=\"swiper-slide\" data-slide=\"4\" role=\"group\" aria-roledescription=\"slide\" aria-label=\"4 sur 6\">\n\t\t\t\t\t\t\t<div class=\"elementor-element elementor-element-89b0ddc e-flex e-con-boxed e-con e-child\" data-id=\"89b0ddc\" data-element_type=\"container\">\n\t\t\t\t\t<div class=\"e-con-inner\">\n\t\t<div class=\"elementor-element elementor-element-017d40a e-con-full bg-zoom e-flex e-con e-child\" data-id=\"017d40a\" data-element_type=\"container\" data-settings=\"{&quot;background_background&quot;:&quot;classic&quot;}\">\n\t\t\t\t<\/div>\n\t\t\t\t\t<\/div>\n\t\t\t\t<\/div>\n\t\t\t\t\t\t\t\t<\/div>\n\t\t\t\t\t\t\t\t\t\t\t<div class=\"swiper-slide\" data-slide=\"5\" role=\"group\" aria-roledescription=\"slide\" aria-label=\"5 sur 6\">\n\t\t\t\t\t\t\t<div class=\"elementor-element elementor-element-8c21be0 e-flex e-con-boxed e-con e-child\" data-id=\"8c21be0\" data-element_type=\"container\">\n\t\t\t\t\t<div class=\"e-con-inner\">\n\t\t<div class=\"elementor-element elementor-element-a5cbac5 e-con-full bg-zoom e-flex e-con e-child\" data-id=\"a5cbac5\" data-element_type=\"container\" data-settings=\"{&quot;background_background&quot;:&quot;classic&quot;}\">\n\t\t\t\t<\/div>\n\t\t\t\t\t<\/div>\n\t\t\t\t<\/div>\n\t\t\t\t\t\t\t\t<\/div>\n\t\t\t\t\t\t\t\t\t\t\t<div class=\"swiper-slide\" data-slide=\"6\" role=\"group\" aria-roledescription=\"slide\" aria-label=\"6 sur 6\">\n\t\t\t\t\t\t\t<div class=\"elementor-element elementor-element-8410e15 e-flex e-con-boxed e-con e-child\" data-id=\"8410e15\" data-element_type=\"container\">\n\t\t\t\t\t<div class=\"e-con-inner\">\n\t\t<div class=\"elementor-element elementor-element-c98243d e-con-full bg-zoom e-flex e-con e-child\" data-id=\"c98243d\" data-element_type=\"container\" data-settings=\"{&quot;background_background&quot;:&quot;classic&quot;}\">\n\t\t\t\t<\/div>\n\t\t\t\t\t<\/div>\n\t\t\t\t<\/div>\n\t\t\t\t\t\t\t\t<\/div>\n\t\t\t\t\t\t\t\t<\/div>\n\t\t<\/div>\n\t\t\t\t\t<div class=\"elementor-swiper-button elementor-swiper-button-prev\" role=\"button\" tabindex=\"0\" aria-label=\"Pr\u00e9c\u00e9dent\">\n\t\t\t\t<svg xmlns=\"http:\/\/www.w3.org\/2000\/svg\" width=\"16\" height=\"13\" viewBox=\"0 0 16 13\" fill=\"none\"><path d=\"M6.90527 0.21967C6.61238 -0.0732233 6.13762 -0.0732233 5.84473 0.21967L0.219727 5.84467C0.171336 5.89307 0.133961 5.94814 0.101562 6.00483C0.0860351 6.03198 0.069712 6.05869 0.0576172 6.08783C0.036908 6.13783 0.0221196 6.18954 0.0126953 6.24213C0.00497904 6.28527 0 6.32958 0 6.37494C3.31064e-06 6.41966 0.00518909 6.46324 0.0126953 6.5058C0.0220514 6.55875 0.0368314 6.61074 0.0576172 6.66108C0.0784568 6.71144 0.10495 6.75855 0.135742 6.80268C0.16068 6.83839 0.187851 6.87334 0.219727 6.90522L5.84473 12.5302C6.13761 12.8231 6.61239 12.8231 6.90527 12.5302C7.19816 12.2373 7.19814 11.7626 6.90527 11.4697L2.56055 7.12494H14.5C14.9142 7.12494 15.25 6.78913 15.25 6.37494C15.25 5.96073 14.9142 5.62494 14.5 5.62494H2.56055L6.90527 1.28022C7.19816 0.987333 7.19814 0.512565 6.90527 0.21967Z\" fill=\"white\"><\/path><\/svg>\t\t\t<\/div>\n\t\t\t<div class=\"elementor-swiper-button elementor-swiper-button-next\" role=\"button\" tabindex=\"0\" aria-label=\"Suivant\">\n\t\t\t\t<svg xmlns=\"http:\/\/www.w3.org\/2000\/svg\" width=\"16\" height=\"13\" viewBox=\"0 0 16 13\" fill=\"none\"><path d=\"M8.34473 0.219666C8.63762 -0.0732277 9.11238 -0.0732277 9.40527 0.219666L15.0303 5.84467C15.0787 5.89306 15.116 5.94814 15.1484 6.00482C15.164 6.03197 15.1803 6.05869 15.1924 6.08783C15.2131 6.13783 15.2279 6.18953 15.2373 6.24213C15.245 6.28527 15.25 6.32958 15.25 6.37494C15.25 6.41966 15.2448 6.46323 15.2373 6.5058C15.2279 6.55875 15.2132 6.61074 15.1924 6.66107C15.1715 6.71143 15.1451 6.75854 15.1143 6.80267C15.0893 6.83839 15.0621 6.87334 15.0303 6.90521L9.40527 12.5302C9.11239 12.8231 8.63761 12.8231 8.34473 12.5302C8.05184 12.2373 8.05186 11.7626 8.34473 11.4697L12.6895 7.12494H0.75C0.335805 7.12494 3.06649e-05 6.78913 0 6.37494C0 5.96073 0.335786 5.62494 0.75 5.62494H12.6895L8.34473 1.28021C8.05184 0.987329 8.05186 0.512561 8.34473 0.219666Z\" fill=\"white\"><\/path><\/svg>\t\t\t<\/div>\n\t\t\t\t\t<div class=\"swiper-pagination\"><\/div>\n\t\t\t\t\t\t<\/div>\n\t\t\t\t<\/div>\n\t\t\t\t\t<\/div>\n\t\t\t\t<\/div>\n\t\t<div class=\"elementor-element elementor-element-c3b2f1c e-flex e-con-boxed e-con e-parent\" data-id=\"c3b2f1c\" data-element_type=\"container\">\n\t\t\t\t\t<div class=\"e-con-inner\">\n\t\t<div class=\"elementor-element elementor-element-7066c41 e-con-full e-flex e-con e-child\" data-id=\"7066c41\" data-element_type=\"container\">\n\t\t<div class=\"elementor-element elementor-element-536c735 e-con-full e-flex e-con e-child\" data-id=\"536c735\" data-element_type=\"container\">\n\t\t\t\t<div class=\"elementor-element elementor-element-e7bbb78 elementor-invisible elementor-widget elementor-widget-heading\" data-id=\"e7bbb78\" data-element_type=\"widget\" data-settings=\"{&quot;_animation&quot;:&quot;fadeInUp&quot;}\" data-widget_type=\"heading.default\">\n\t\t\t\t\t<h2 class=\"elementor-heading-title elementor-size-default\">Prix et devis : quel est le co\u00fbt d\u2019un marquage textile professionnel ?<\/h2>\t\t\t\t<\/div>\n\t\t\t\t<div class=\"elementor-element elementor-element-f09bd28 elementor-invisible elementor-widget elementor-widget-text-editor\" data-id=\"f09bd28\" data-element_type=\"widget\" data-settings=\"{&quot;_animation&quot;:&quot;fadeInUp&quot;,&quot;_animation_delay&quot;:200}\" data-widget_type=\"text-editor.default\">\n\t\t\t\t\t\t\t\t\t<p>Le tarif d\u00e9pend du type de marquage choisi, de la quantit\u00e9, du support textile, de la taille du visuel et du nombre de couleurs. Un flocage simple sur t-shirt co\u00fbtera moins qu\u2019une broderie complexe sur softshell. Nous vous aidons \u00e0 d\u00e9finir le bon \u00e9quilibre entre durabilit\u00e9, esth\u00e9tique et budget. Chaque demande fait l\u2019objet d\u2019un devis personnalis\u00e9, sans engagement, pour r\u00e9pondre pr\u00e9cis\u00e9ment \u00e0 vos objectifs.<\/p>\t\t\t\t\t\t\t\t<\/div>\n\t\t\t\t<\/div>\n\t\t<div class=\"elementor-element elementor-element-78c322d e-con-full e-flex e-con e-child\" data-id=\"78c322d\" data-element_type=\"container\">\n\t\t<div class=\"elementor-element elementor-element-0e04490 e-con-full e-flex e-con e-child\" data-id=\"0e04490\" data-element_type=\"container\">\n\t\t<div class=\"elementor-element elementor-element-58b2845 e-con-full e-flex elementor-invisible e-con e-child\" data-id=\"58b2845\" data-element_type=\"container\" data-settings=\"{&quot;background_background&quot;:&quot;classic&quot;,&quot;animation&quot;:&quot;fadeInDown&quot;,&quot;animation_delay&quot;:400}\">\n\t\t\t\t<\/div>\n\t\t<div class=\"elementor-element elementor-element-7f59585 e-con-full e-flex elementor-invisible e-con e-child\" data-id=\"7f59585\" data-element_type=\"container\" data-settings=\"{&quot;background_background&quot;:&quot;classic&quot;,&quot;animation&quot;:&quot;fadeInUp&quot;,&quot;animation_delay&quot;:600}\">\n\t\t\t\t<\/div>\n\t\t\t\t<\/div>\n\t\t<div class=\"elementor-element elementor-element-a04d370 e-con-full e-flex elementor-invisible e-con e-child\" data-id=\"a04d370\" data-element_type=\"container\" data-settings=\"{&quot;background_background&quot;:&quot;classic&quot;,&quot;animation&quot;:&quot;fadeInRight&quot;,&quot;animation_delay&quot;:800}\">\n\t\t\t\t<\/div>\n\t\t\t\t<\/div>\n\t\t\t\t<\/div>\n\t\t<div class=\"elementor-element elementor-element-c253495 e-con-full e-flex e-con e-child\" data-id=\"c253495\" data-element_type=\"container\">\n\t\t<div class=\"elementor-element elementor-element-7729ef5 e-con-full e-flex elementor-invisible e-con e-child\" data-id=\"7729ef5\" data-element_type=\"container\" data-settings=\"{&quot;background_background&quot;:&quot;classic&quot;,&quot;animation&quot;:&quot;fadeInLeft&quot;}\">\n\t\t\t\t<\/div>\n\t\t<div class=\"elementor-element elementor-element-9578744 e-con-full e-flex elementor-invisible e-con e-child\" data-id=\"9578744\" data-element_type=\"container\" data-settings=\"{&quot;background_background&quot;:&quot;classic&quot;,&quot;animation&quot;:&quot;fadeInRight&quot;,&quot;animation_delay&quot;:400}\">\n\t\t\t\t<div class=\"elementor-element elementor-element-0e40cfd elementor-widget elementor-widget-heading\" data-id=\"0e40cfd\" data-element_type=\"widget\" data-widget_type=\"heading.default\">\n\t\t\t\t\t<h2 class=\"elementor-heading-title elementor-size-default\">Demandez votre devis pour un marquage textile professionnel \u00e0 Grenoble<\/h2>\t\t\t\t<\/div>\n\t\t\t\t<div class=\"elementor-element elementor-element-0ccc032 elementor-widget elementor-widget-text-editor\" data-id=\"0ccc032\" data-element_type=\"widget\" data-widget_type=\"text-editor.default\">\n\t\t\t\t\t\t\t\t\t<p>Bas\u00e9s pr\u00e8s de Grenoble, nous sommes un partenaire de proximit\u00e9 pour les PME et TPE de la r\u00e9gion Auvergne-Rh\u00f4ne-Alpes, tout en livrant nos commandes partout en France.\u2028Vous avez besoin de v\u00eatements marqu\u00e9s pour vos \u00e9quipes, un \u00e9v\u00e9nement ou un lancement ? Parlez-nous de votre projet. Nous vous orienterons vers la meilleure solution technique, adapt\u00e9e \u00e0 votre usage, \u00e0 votre identit\u00e9 graphique et \u00e0 votre budget. Votre marquage textile professionnel sera entre de bonnes mains.<\/p>\t\t\t\t\t\t\t\t<\/div>\n\t\t\t\t<div class=\"elementor-element elementor-element-ce06319 wa-btn-w elementor-widget elementor-widget-button\" data-id=\"ce06319\" data-element_type=\"widget\" data-widget_type=\"button.default\">\n\t\t\t\t\t\t\t\t\t\t<a class=\"elementor-button elementor-button-link elementor-size-sm\" href=\"https:\/\/wt-art.79-137-88-67.plesk.page\/index.php\/contact\/\">\n\t\t\t\t\t\t<span class=\"elementor-button-content-wrapper\">\n\t\t\t\t\t\t<span class=\"elementor-button-icon\">\n\t\t\t\t<svg xmlns=\"http:\/\/www.w3.org\/2000\/svg\" width=\"16\" height=\"13\" viewBox=\"0 0 16 13\" fill=\"none\"><path d=\"M8.34473 0.21967C8.63762 -0.0732233 9.11238 -0.0732233 9.40527 0.21967L15.0303 5.84467C15.0787 5.89307 15.116 5.94814 15.1484 6.00483C15.164 6.03198 15.1803 6.05869 15.1924 6.08783C15.2131 6.13783 15.2279 6.18954 15.2373 6.24213C15.245 6.28527 15.25 6.32958 15.25 6.37494C15.25 6.41966 15.2448 6.46324 15.2373 6.5058C15.2279 6.55875 15.2132 6.61074 15.1924 6.66108C15.1715 6.71144 15.145 6.75855 15.1143 6.80268C15.0893 6.83839 15.0621 6.87334 15.0303 6.90522L9.40527 12.5302C9.11239 12.8231 8.63761 12.8231 8.34473 12.5302C8.05184 12.2373 8.05186 11.7626 8.34473 11.4697L12.6895 7.12494H0.75C0.335805 7.12494 3.06649e-05 6.78913 0 6.37494C0 5.96073 0.335786 5.62494 0.75 5.62494H12.6895L8.34473 1.28022C8.05184 0.987333 8.05186 0.512565 8.34473 0.21967Z\" fill=\"black\"><\/path><\/svg>\t\t\t<\/span>\n\t\t\t\t\t\t\t\t\t<span class=\"elementor-button-text\">Nous contacter<\/span>\n\t\t\t\t\t<\/span>\n\t\t\t\t\t<\/a>\n\t\t\t\t\t\t\t\t<\/div>\n\t\t\t\t<\/div>\n\t\t\t\t<\/div>\n\t\t\t\t\t<\/div>\n\t\t\t\t<\/div>\n\t\t\t\t<\/div>\n\t\t","protected":false},"excerpt":{"rendered":"<p>WT-ART DESIGN &#8211; FLOCAGE, BRODERIE, Textile Marquage textile professionnel en broderie et flocage \u00e0 Grenoble et en France Nous imprimons votre marque sur vos textiles. Ne passez plus inaper\u00e7us et faites vous remarquer gr\u00e2ce \u00e0 nos services de flocage ! VOS TEXTILES FLOQUES Personnalisez vos textiles \u00e0 votre image gr\u00e2ce au marquage textile professionnel Le [&hellip;]<\/p>\n","protected":false},"author":1,"featured_media":0,"parent":0,"menu_order":0,"comment_status":"closed","ping_status":"closed","template":"","meta":{"_acf_changed":false,"inline_featured_image":false,"footnotes":""},"class_list":["post-85","page","type-page","status-publish","hentry"],"acf":[],"yoast_head":"<!-- This site is optimized with the Yoast SEO plugin v26.2 - https:\/\/yoast.com\/wordpress\/plugins\/seo\/ -->\n<title>Marquage textile professionnel grenoble - WT ART<\/title>\n<meta name=\"description\" content=\"Marquage textile pro et flocage \u00e0 Grenoble : impression sur textile, t-shirts, sweats \u2026 valorisez votre marque d\u00e8s maintenant.\" \/>\n<meta name=\"robots\" content=\"noindex, follow, max-snippet:-1, max-image-preview:large, max-video-preview:-1\" \/>\n<meta property=\"og:locale\" content=\"fr_FR\" \/>\n<meta property=\"og:type\" content=\"article\" \/>\n<meta property=\"og:title\" content=\"Marquage textile professionnel grenoble - WT ART\" \/>\n<meta property=\"og:description\" content=\"Marquage textile pro et flocage \u00e0 Grenoble : impression sur textile, t-shirts, sweats \u2026 valorisez votre marque d\u00e8s maintenant.\" \/>\n<meta property=\"og:url\" content=\"https:\/\/wt-art.79-137-88-67.plesk.page\/index.php\/marquage-textile-professionnel-grenoble\/\" \/>\n<meta property=\"og:site_name\" content=\"WT ART\" \/>\n<meta property=\"article:modified_time\" content=\"2025-11-24T14:08:26+00:00\" \/>\n<meta name=\"twitter:card\" content=\"summary_large_image\" \/>\n<meta name=\"twitter:label1\" content=\"Dur\u00e9e de lecture estim\u00e9e\" \/>\n\t<meta name=\"twitter:data1\" content=\"3 minutes\" \/>\n<script type=\"application\/ld+json\" class=\"yoast-schema-graph\">{\"@context\":\"https:\/\/schema.org\",\"@graph\":[{\"@type\":\"WebPage\",\"@id\":\"https:\/\/wt-art.79-137-88-67.plesk.page\/index.php\/marquage-textile-professionnel-grenoble\/\",\"url\":\"https:\/\/wt-art.79-137-88-67.plesk.page\/index.php\/marquage-textile-professionnel-grenoble\/\",\"name\":\"Marquage textile professionnel grenoble - WT ART\",\"isPartOf\":{\"@id\":\"https:\/\/wt-art.79-137-88-67.plesk.page\/#website\"},\"datePublished\":\"2025-10-30T07:48:10+00:00\",\"dateModified\":\"2025-11-24T14:08:26+00:00\",\"description\":\"Marquage textile pro et flocage \u00e0 Grenoble : impression sur textile, t-shirts, sweats \u2026 valorisez votre marque d\u00e8s maintenant.\",\"breadcrumb\":{\"@id\":\"https:\/\/wt-art.79-137-88-67.plesk.page\/index.php\/marquage-textile-professionnel-grenoble\/#breadcrumb\"},\"inLanguage\":\"fr-FR\",\"potentialAction\":[{\"@type\":\"ReadAction\",\"target\":[\"https:\/\/wt-art.79-137-88-67.plesk.page\/index.php\/marquage-textile-professionnel-grenoble\/\"]}]},{\"@type\":\"BreadcrumbList\",\"@id\":\"https:\/\/wt-art.79-137-88-67.plesk.page\/index.php\/marquage-textile-professionnel-grenoble\/#breadcrumb\",\"itemListElement\":[{\"@type\":\"ListItem\",\"position\":1,\"name\":\"Accueil\",\"item\":\"https:\/\/wt-art.79-137-88-67.plesk.page\/\"},{\"@type\":\"ListItem\",\"position\":2,\"name\":\"Marquage textile professionnel grenoble\"}]},{\"@type\":\"WebSite\",\"@id\":\"https:\/\/wt-art.79-137-88-67.plesk.page\/#website\",\"url\":\"https:\/\/wt-art.79-137-88-67.plesk.page\/\",\"name\":\"WT ART\",\"description\":\"\",\"potentialAction\":[{\"@type\":\"SearchAction\",\"target\":{\"@type\":\"EntryPoint\",\"urlTemplate\":\"https:\/\/wt-art.79-137-88-67.plesk.page\/?s={search_term_string}\"},\"query-input\":{\"@type\":\"PropertyValueSpecification\",\"valueRequired\":true,\"valueName\":\"search_term_string\"}}],\"inLanguage\":\"fr-FR\"}]}<\/script>\n<!-- \/ Yoast SEO plugin. -->","yoast_head_json":{"title":"Marquage textile professionnel grenoble - WT ART","description":"Marquage textile pro et flocage \u00e0 Grenoble : impression sur textile, t-shirts, sweats \u2026 valorisez votre marque d\u00e8s maintenant.","robots":{"index":"noindex","follow":"follow","max-snippet":"max-snippet:-1","max-image-preview":"max-image-preview:large","max-video-preview":"max-video-preview:-1"},"og_locale":"fr_FR","og_type":"article","og_title":"Marquage textile professionnel grenoble - WT ART","og_description":"Marquage textile pro et flocage \u00e0 Grenoble : impression sur textile, t-shirts, sweats \u2026 valorisez votre marque d\u00e8s maintenant.","og_url":"https:\/\/wt-art.79-137-88-67.plesk.page\/index.php\/marquage-textile-professionnel-grenoble\/","og_site_name":"WT ART","article_modified_time":"2025-11-24T14:08:26+00:00","twitter_card":"summary_large_image","twitter_misc":{"Dur\u00e9e de lecture estim\u00e9e":"3 minutes"},"schema":{"@context":"https:\/\/schema.org","@graph":[{"@type":"WebPage","@id":"https:\/\/wt-art.79-137-88-67.plesk.page\/index.php\/marquage-textile-professionnel-grenoble\/","url":"https:\/\/wt-art.79-137-88-67.plesk.page\/index.php\/marquage-textile-professionnel-grenoble\/","name":"Marquage textile professionnel grenoble - WT ART","isPartOf":{"@id":"https:\/\/wt-art.79-137-88-67.plesk.page\/#website"},"datePublished":"2025-10-30T07:48:10+00:00","dateModified":"2025-11-24T14:08:26+00:00","description":"Marquage textile pro et flocage \u00e0 Grenoble : impression sur textile, t-shirts, sweats \u2026 valorisez votre marque d\u00e8s maintenant.","breadcrumb":{"@id":"https:\/\/wt-art.79-137-88-67.plesk.page\/index.php\/marquage-textile-professionnel-grenoble\/#breadcrumb"},"inLanguage":"fr-FR","potentialAction":[{"@type":"ReadAction","target":["https:\/\/wt-art.79-137-88-67.plesk.page\/index.php\/marquage-textile-professionnel-grenoble\/"]}]},{"@type":"BreadcrumbList","@id":"https:\/\/wt-art.79-137-88-67.plesk.page\/index.php\/marquage-textile-professionnel-grenoble\/#breadcrumb","itemListElement":[{"@type":"ListItem","position":1,"name":"Accueil","item":"https:\/\/wt-art.79-137-88-67.plesk.page\/"},{"@type":"ListItem","position":2,"name":"Marquage textile professionnel grenoble"}]},{"@type":"WebSite","@id":"https:\/\/wt-art.79-137-88-67.plesk.page\/#website","url":"https:\/\/wt-art.79-137-88-67.plesk.page\/","name":"WT ART","description":"","potentialAction":[{"@type":"SearchAction","target":{"@type":"EntryPoint","urlTemplate":"https:\/\/wt-art.79-137-88-67.plesk.page\/?s={search_term_string}"},"query-input":{"@type":"PropertyValueSpecification","valueRequired":true,"valueName":"search_term_string"}}],"inLanguage":"fr-FR"}]}},"_links":{"self":[{"href":"https:\/\/wt-art.79-137-88-67.plesk.page\/index.php\/wp-json\/wp\/v2\/pages\/85","targetHints":{"allow":["GET"]}}],"collection":[{"href":"https:\/\/wt-art.79-137-88-67.plesk.page\/index.php\/wp-json\/wp\/v2\/pages"}],"about":[{"href":"https:\/\/wt-art.79-137-88-67.plesk.page\/index.php\/wp-json\/wp\/v2\/types\/page"}],"author":[{"embeddable":true,"href":"https:\/\/wt-art.79-137-88-67.plesk.page\/index.php\/wp-json\/wp\/v2\/users\/1"}],"replies":[{"embeddable":true,"href":"https:\/\/wt-art.79-137-88-67.plesk.page\/index.php\/wp-json\/wp\/v2\/comments?post=85"}],"version-history":[{"count":32,"href":"https:\/\/wt-art.79-137-88-67.plesk.page\/index.php\/wp-json\/wp\/v2\/pages\/85\/revisions"}],"predecessor-version":[{"id":1504,"href":"https:\/\/wt-art.79-137-88-67.plesk.page\/index.php\/wp-json\/wp\/v2\/pages\/85\/revisions\/1504"}],"wp:attachment":[{"href":"https:\/\/wt-art.79-137-88-67.plesk.page\/index.php\/wp-json\/wp\/v2\/media?parent=85"}],"curies":[{"name":"wp","href":"https:\/\/api.w.org\/{rel}","templated":true}]}}